{"id":1870,"date":"2021-06-04T16:18:16","date_gmt":"2021-06-04T14:18:16","guid":{"rendered":"https:\/\/abfprogress.se\/?page_id=1870"},"modified":"2025-05-21T13:16:55","modified_gmt":"2025-05-21T11:16:55","slug":"home","status":"publish","type":"page","link":"https:\/\/abfprogress.se\/","title":{"rendered":"Home"},"content":{"rendered":"\n<p><\/p>\n\n\n\n<div class=\"wp-block-cover alignfull has-parallax is-light\" style=\"min-height:737px;aspect-ratio:unset;\"><div class=\"wp-block-cover__image-background wp-image-1872 has-parallax\" style=\"background-position:50% 50%;background-image:url(https:\/\/abfprogress.se\/wp-content\/uploads\/2021\/06\/nathan-dumlao-xPHmmVKS8lM-unsplash-1-svartvit.png)\"><\/div><span aria-hidden=\"true\" class=\"wp-block-cover__background has-background-dim-80 has-background-dim wp-block-cover__gradient-background has-background-gradient\" style=\"background:linear-gradient(180deg,rgb(238,238,238) 66%,rgb(0,0,0) 100%)\"><\/span><div class=\"wp-block-cover__inner-container is-layout-flow wp-block-cover-is-layout-flow\">\n<div style=\"height:50px\" aria-hidden=\"true\" class=\"wp-block-spacer\"><\/div>\n\n\n\n<p class=\"has-text-align-center has-nv-dark-bg-color has-text-color\" style=\"font-size:22px\"><strong>ABF Progress AB<\/strong><\/p>\n\n\n\n<h1 class=\"wp-block-heading alignwide has-text-align-center has-neve-link-color-color has-text-color\">Varje m\u00e4nniska \u00e4r en tillg\u00e5ng, som har f\u00f6rm\u00e5ga och vilja att utvecklas, p\u00e5verka och ta ansvar.<\/h1>\n\n\n\n<p class=\"has-text-align-center has-nv-dark-bg-color has-text-color\">Hos oss f\u00e5r du m\u00f6jlighet att utvecklas som individ.<\/p>\n\n\n\n<div style=\"height:25px\" aria-hidden=\"true\" class=\"wp-block-spacer\"><\/div>\n\n\n\n<div class=\"wp-block-buttons is-horizontal is-content-justification-center is-layout-flex wp-container-core-buttons-is-layout-499968f5 wp-block-buttons-is-layout-flex\">\n<div class=\"wp-block-button is-style-primary\"><a class=\"wp-block-button__link no-border-radius wp-element-button\" href=\"https:\/\/abfprogress.se\/?page_id=1658\">L\u00e4s mer<\/a><\/div>\n\n\n\n<div class=\"wp-block-button is-style-secondary\"><a class=\"wp-block-button__link wp-element-button\" href=\"https:\/\/abfprogress.se\/?page_id=20\">Kontakta oss<\/a><\/div>\n<\/div>\n\n\n\n<div style=\"height:80px\" aria-hidden=\"true\" class=\"wp-block-spacer\"><\/div>\n<\/div><\/div>\n\n\n\n<div style=\"height:100px\" aria-hidden=\"true\" class=\"wp-block-spacer\"><\/div>\n\n\n\n<div class=\"wp-block-columns alignwide are-vertically-aligned-center is-layout-flex wp-container-core-columns-is-layout-9d6595d7 wp-block-columns-is-layout-flex\">\n<div class=\"wp-block-column is-vertically-aligned-center is-layout-flow wp-block-column-is-layout-flow\"><div class=\"wp-block-image animated fadeIn\">\n<figure class=\"aligncenter size-full\"><a href=\"https:\/\/abfprogress.se\/wp-content\/uploads\/2021\/06\/Flexibelt.png\"><img loading=\"lazy\" decoding=\"async\" width=\"200\" height=\"200\" src=\"https:\/\/abfprogress.se\/wp-content\/uploads\/2021\/06\/Flexibelt.png\" alt=\"\" class=\"wp-image-1873\" srcset=\"https:\/\/abfprogress.se\/wp-content\/uploads\/2021\/06\/Flexibelt.png 200w, https:\/\/abfprogress.se\/wp-content\/uploads\/2021\/06\/Flexibelt-150x150.png 150w\" sizes=\"auto, (max-width: 200px) 100vw, 200px\" \/><\/a><\/figure>\n<\/div>\n\n\n<h3 class=\"wp-block-heading has-text-align-center has-nv-dark-bg-color has-text-color\">Flexibelt<\/h3>\n\n\n\n<p class=\"has-text-align-center has-neve-link-color-color has-text-color\">Du kan l\u00e4sa kurserna i klassrum p\u00e5 dagtid, eller p\u00e5 distans. Det ger dig valfrihet och flexibilitet. <\/p>\n<\/div>\n\n\n\n<div class=\"wp-block-column is-vertically-aligned-center is-layout-flow wp-block-column-is-layout-flow\"><div class=\"wp-block-image animated fadeIn\">\n<figure class=\"aligncenter size-full\"><a href=\"https:\/\/abfprogress.se\/wp-content\/uploads\/2021\/06\/Individuellt.png\"><img loading=\"lazy\" decoding=\"async\" width=\"200\" height=\"200\" src=\"https:\/\/abfprogress.se\/wp-content\/uploads\/2021\/06\/Individuellt.png\" alt=\"\" class=\"wp-image-1875\" srcset=\"https:\/\/abfprogress.se\/wp-content\/uploads\/2021\/06\/Individuellt.png 200w, https:\/\/abfprogress.se\/wp-content\/uploads\/2021\/06\/Individuellt-150x150.png 150w\" sizes=\"auto, (max-width: 200px) 100vw, 200px\" \/><\/a><\/figure>\n<\/div>\n\n\n<h3 class=\"wp-block-heading has-text-align-center has-nv-dark-bg-color has-text-color\">Individuellt<\/h3>\n\n\n\n<p class=\"has-text-align-center has-neve-link-color-color has-text-color\">Du g\u00f6r din studieplanering tillsammans med v\u00e5r studie- och yrkesv\u00e4gledare\/l\u00e4rare.<\/p>\n<\/div>\n\n\n\n<div class=\"wp-block-column is-vertically-aligned-center is-layout-flow wp-block-column-is-layout-flow\"><div class=\"wp-block-image animated fadeIn\">\n<figure class=\"aligncenter size-full\"><a href=\"https:\/\/abfprogress.se\/wp-content\/uploads\/2021\/06\/Centralt.png\"><img loading=\"lazy\" decoding=\"async\" width=\"200\" height=\"200\" src=\"https:\/\/abfprogress.se\/wp-content\/uploads\/2021\/06\/Centralt.png\" alt=\"\" class=\"wp-image-1874\" srcset=\"https:\/\/abfprogress.se\/wp-content\/uploads\/2021\/06\/Centralt.png 200w, https:\/\/abfprogress.se\/wp-content\/uploads\/2021\/06\/Centralt-150x150.png 150w\" sizes=\"auto, (max-width: 200px) 100vw, 200px\" \/><\/a><\/figure>\n<\/div>\n\n\n<h3 class=\"wp-block-heading has-text-align-center has-nv-dark-bg-color has-text-color\">Centralt<\/h3>\n\n\n\n<p class=\"has-text-align-center has-neve-link-color-color has-text-color\">Undervisningen \u00e4r f\u00f6rlagd till ABF L\u00e4ra &amp; Jobbs trevliga lokaler i centrala V\u00e4ster\u00e5s, Pilgatan 2.<\/p>\n<\/div>\n<\/div>\n\n\n\n<div style=\"height:100px\" aria-hidden=\"true\" class=\"wp-block-spacer\"><\/div>\n\n\n\n<div class=\"wp-block-cover alignfull is-light\"><span aria-hidden=\"true\" class=\"wp-block-cover__background has-nv-light-bg-background-color has-background-dim-100 has-background-dim\"><\/span><div class=\"wp-block-cover__inner-container is-layout-flow wp-block-cover-is-layout-flow\">\n<div style=\"height:80px\" aria-hidden=\"true\" class=\"wp-block-spacer\"><\/div>\n\n\n\n<div class=\"wp-block-cover is-light\" style=\"min-height:600px;aspect-ratio:unset;\"><span aria-hidden=\"true\" class=\"wp-block-cover__background has-nv-light-bg-background-color has-background-dim-100 has-background-dim\"><\/span><div class=\"wp-block-cover__inner-container is-layout-flow wp-block-cover-is-layout-flow\">\n<div class=\"wp-block-media-text alignwide is-stacked-on-mobile is-vertically-aligned-center\"><figure class=\"wp-block-media-text__media\"><img loading=\"lazy\" decoding=\"async\" width=\"600\" height=\"600\" src=\"https:\/\/abfprogress.se\/wp-content\/uploads\/2021\/06\/pexels-karolina-grabowska-5412432-1-1.jpg\" alt=\"\" class=\"wp-image-2471 size-full\" srcset=\"https:\/\/abfprogress.se\/wp-content\/uploads\/2021\/06\/pexels-karolina-grabowska-5412432-1-1.jpg 600w, https:\/\/abfprogress.se\/wp-content\/uploads\/2021\/06\/pexels-karolina-grabowska-5412432-1-1-300x300.jpg 300w, https:\/\/abfprogress.se\/wp-content\/uploads\/2021\/06\/pexels-karolina-grabowska-5412432-1-1-150x150.jpg 150w\" sizes=\"auto, (max-width: 600px) 100vw, 600px\" \/><\/figure><div class=\"wp-block-media-text__content\">\n<h2 class=\"wp-block-heading has-neve-link-color-color has-text-color\">Vuxenutbildning<\/h2>\n\n\n\n<p class=\"has-neve-link-color-color has-text-color\">Vi erbjuder SFI och grundl\u00e4ggande utbildning inom Svenska som andra spr\u00e5k (SAS), engelska och matematik.<\/p>\n\n\n\n<div class=\"wp-block-buttons is-layout-flex wp-block-buttons-is-layout-flex\">\n<div class=\"wp-block-button is-style-primary\"><a class=\"wp-block-button__link wp-element-button\" href=\"https:\/\/abfprogress.se\/?page_id=1821\">L\u00e4s mer<\/a><\/div>\n<\/div>\n<\/div><\/div>\n<\/div><\/div>\n\n\n\n<div style=\"height:80px\" aria-hidden=\"true\" class=\"wp-block-spacer\"><\/div>\n<\/div><\/div>\n\n\n\n<div class=\"wp-block-cover alignfull is-light\"><span aria-hidden=\"true\" class=\"wp-block-cover__background has-nv-site-bg-background-color has-background-dim-100 has-background-dim\"><\/span><div class=\"wp-block-cover__inner-container is-layout-flow wp-block-cover-is-layout-flow\">\n<div style=\"height:80px\" aria-hidden=\"true\" class=\"wp-block-spacer\"><\/div>\n\n\n\n<div class=\"wp-block-cover is-light\" style=\"min-height:600px;aspect-ratio:unset;\"><span aria-hidden=\"true\" class=\"wp-block-cover__background has-nv-site-bg-background-color has-background-dim-100 has-background-dim\"><\/span><div class=\"wp-block-cover__inner-container is-layout-flow wp-block-cover-is-layout-flow\">\n<div class=\"wp-block-media-text alignwide has-media-on-the-right is-stacked-on-mobile is-vertically-aligned-center\"><div class=\"wp-block-media-text__content\">\n<h2 class=\"wp-block-heading has-nv-dark-bg-color has-text-color\">Arbetsmarknad<\/h2>\n\n\n\n<p class=\"has-nv-dark-bg-color has-text-color\">Hos oss f\u00e5r du hj\u00e4lp och st\u00f6d med att m\u00f6ta morgondagens arbetsmarknad.<\/p>\n\n\n\n<div class=\"wp-block-buttons is-layout-flex wp-block-buttons-is-layout-flex\">\n<div class=\"wp-block-button is-style-primary\"><a class=\"wp-block-button__link wp-element-button\" href=\"https:\/\/abfprogress.se\/?page_id=1822\">L\u00e4s mer<\/a><\/div>\n<\/div>\n<\/div><figure class=\"wp-block-media-text__media\"><a href=\"https:\/\/abfprogress.se\/?page_id=1822\"><img loading=\"lazy\" decoding=\"async\" width=\"600\" height=\"600\" src=\"https:\/\/abfprogress.se\/wp-content\/uploads\/2021\/06\/pexels-cottonbro-5989926-1x1-1.jpg\" alt=\"\" class=\"wp-image-2798 size-full\" srcset=\"https:\/\/abfprogress.se\/wp-content\/uploads\/2021\/06\/pexels-cottonbro-5989926-1x1-1.jpg 600w, https:\/\/abfprogress.se\/wp-content\/uploads\/2021\/06\/pexels-cottonbro-5989926-1x1-1-300x300.jpg 300w, https:\/\/abfprogress.se\/wp-content\/uploads\/2021\/06\/pexels-cottonbro-5989926-1x1-1-150x150.jpg 150w\" sizes=\"auto, (max-width: 600px) 100vw, 600px\" \/><\/a><\/figure><\/div>\n<\/div><\/div>\n\n\n\n<div style=\"height:80px\" aria-hidden=\"true\" class=\"wp-block-spacer\"><\/div>\n<\/div><\/div>\n\n\n\n<div class=\"wp-block-cover alignfull is-light\"><span aria-hidden=\"true\" class=\"wp-block-cover__background has-nv-dark-bg-background-color has-background-dim-100 has-background-dim\"><\/span><div class=\"wp-block-cover__inner-container is-layout-flow wp-block-cover-is-layout-flow\">\n<div style=\"height:80px\" aria-hidden=\"true\" class=\"wp-block-spacer\"><\/div>\n\n\n\n<div class=\"wp-block-cover is-light\" style=\"min-height:600px;aspect-ratio:unset;\"><span aria-hidden=\"true\" class=\"wp-block-cover__background has-nv-dark-bg-background-color has-background-dim-100 has-background-dim\"><\/span><div class=\"wp-block-cover__inner-container is-layout-flow wp-block-cover-is-layout-flow\">\n<div class=\"wp-block-media-text alignwide is-stacked-on-mobile is-vertically-aligned-center\"><figure class=\"wp-block-media-text__media\"><a href=\"https:\/\/abfprogress.se\/?page_id=1822\"><img loading=\"lazy\" decoding=\"async\" width=\"601\" height=\"601\" src=\"https:\/\/abfprogress.se\/wp-content\/uploads\/2021\/06\/pexels-kampus-production-5940833-1x1-1.jpg\" alt=\"\" class=\"wp-image-2799 size-full\" srcset=\"https:\/\/abfprogress.se\/wp-content\/uploads\/2021\/06\/pexels-kampus-production-5940833-1x1-1.jpg 601w, https:\/\/abfprogress.se\/wp-content\/uploads\/2021\/06\/pexels-kampus-production-5940833-1x1-1-300x300.jpg 300w, https:\/\/abfprogress.se\/wp-content\/uploads\/2021\/06\/pexels-kampus-production-5940833-1x1-1-150x150.jpg 150w\" sizes=\"auto, (max-width: 601px) 100vw, 601px\" \/><\/a><\/figure><div class=\"wp-block-media-text__content\">\n<h2 class=\"wp-block-heading has-nv-site-bg-color has-text-color\">Samh\u00e4llsprojekt<\/h2>\n\n\n\n<p class=\"has-nv-site-bg-color has-text-color\">Vi hj\u00e4lper och st\u00f6ttar dig att orientera dig i samh\u00e4llet.<\/p>\n\n\n\n<div class=\"wp-block-buttons is-layout-flex wp-block-buttons-is-layout-flex\">\n<div class=\"wp-block-button is-style-primary\"><a class=\"wp-block-button__link wp-element-button\" href=\"https:\/\/abfprogress.se\/?page_id=1823\">L\u00e4s mer<\/a><\/div>\n<\/div>\n<\/div><\/div>\n<\/div><\/div>\n\n\n\n<div style=\"height:80px\" aria-hidden=\"true\" class=\"wp-block-spacer\"><\/div>\n<\/div><\/div>\n\n\n\n<div class=\"wp-block-cover alignfull is-light\"><span aria-hidden=\"true\" class=\"wp-block-cover__background has-nv-light-bg-background-color has-background-dim-100 has-background-dim\"><\/span><div class=\"wp-block-cover__inner-container is-layout-flow wp-block-cover-is-layout-flow\">\n<div style=\"height:80px\" aria-hidden=\"true\" class=\"wp-block-spacer\"><\/div>\n\n\n\n<div class=\"wp-block-cover is-light\"><span aria-hidden=\"true\" class=\"wp-block-cover__background has-nv-light-bg-background-color has-background-dim-100 has-background-dim\"><\/span><div class=\"wp-block-cover__inner-container is-layout-flow wp-block-cover-is-layout-flow\">\n<h2 class=\"wp-block-heading has-text-align-center has-nv-dark-bg-color has-text-color has-large-font-size\">Har du fr\u00e5gor?<\/h2>\n\n\n\n<p class=\"has-text-align-center has-neve-link-color-color has-text-color\">Kontakta oss s\u00e5 hj\u00e4lper vi dig.<\/p>\n\n\n\n<div class=\"wp-block-buttons alignwide is-horizontal is-content-justification-center is-layout-flex wp-container-core-buttons-is-layout-499968f5 wp-block-buttons-is-layout-flex\">\n<div class=\"wp-block-button is-style-primary\"><a class=\"wp-block-button__link wp-element-button\" href=\"https:\/\/abfprogress.se\/?page_id=20\">Kontakta oss<\/a><\/div>\n<\/div>\n<\/div><\/div>\n\n\n\n<div style=\"height:80px\" aria-hidden=\"true\" class=\"wp-block-spacer\"><\/div>\n<\/div><\/div>\n","protected":false},"excerpt":{"rendered":"<p>Flexibelt Du kan l\u00e4sa kurserna i klassrum p\u00e5 dagtid, eller p\u00e5 distans. Det ger dig valfrihet och flexibilitet. Individuellt Du g\u00f6r din studieplanering tillsammans med v\u00e5r studie- och yrkesv\u00e4gledare\/l\u00e4rare. Centralt Undervisningen \u00e4r f\u00f6rlagd till ABF L\u00e4ra &amp; Jobbs trevliga lokaler i centrala V\u00e4ster\u00e5s, Pilgatan 2.<\/p>\n","protected":false},"author":10,"featured_media":0,"parent":0,"menu_order":0,"comment_status":"closed","ping_status":"closed","template":"","meta":{"neve_meta_sidebar":"full-width","neve_meta_container":"full-width","neve_meta_enable_content_width":"off","neve_meta_content_width":100,"neve_meta_title_alignment":"","neve_meta_author_avatar":"","neve_post_elements_order":"","neve_meta_disable_header":"","neve_meta_disable_footer":"","neve_meta_disable_title":"on","footnotes":""},"class_list":["post-1870","page","type-page","status-publish","hentry"],"_links":{"self":[{"href":"https:\/\/abfprogress.se\/index.php?rest_route=\/wp\/v2\/pages\/1870","targetHints":{"allow":["GET"]}}],"collection":[{"href":"https:\/\/abfprogress.se\/index.php?rest_route=\/wp\/v2\/pages"}],"about":[{"href":"https:\/\/abfprogress.se\/index.php?rest_route=\/wp\/v2\/types\/page"}],"author":[{"embeddable":true,"href":"https:\/\/abfprogress.se\/index.php?rest_route=\/wp\/v2\/users\/10"}],"replies":[{"embeddable":true,"href":"https:\/\/abfprogress.se\/index.php?rest_route=%2Fwp%2Fv2%2Fcomments&post=1870"}],"version-history":[{"count":47,"href":"https:\/\/abfprogress.se\/index.php?rest_route=\/wp\/v2\/pages\/1870\/revisions"}],"predecessor-version":[{"id":19709,"href":"https:\/\/abfprogress.se\/index.php?rest_route=\/wp\/v2\/pages\/1870\/revisions\/19709"}],"wp:attachment":[{"href":"https:\/\/abfprogress.se\/index.php?rest_route=%2Fwp%2Fv2%2Fmedia&parent=1870"}],"curies":[{"name":"wp","href":"https:\/\/api.w.org\/{rel}","templated":true}]}}